{"id":65,"date":"2014-11-24T15:13:40","date_gmt":"2014-11-24T14:13:40","guid":{"rendered":"http:\/\/www.chs-yonne.fr\/girard-de-roussillon\/?page_id=65"},"modified":"2022-01-10T11:29:10","modified_gmt":"2022-01-10T10:29:10","slug":"votre-admission","status":"publish","type":"page","link":"https:\/\/www.chs-yonne.fr\/girard-de-roussillon\/votre-admission\/","title":{"rendered":"Votre admission"},"content":{"rendered":"<h2>L&rsquo;accueil<\/h2>\n<p>L\u2019orientation des r\u00e9sidents vers l&rsquo;\u00e9tablissement incombe \u00e0 la Maison D\u00e9partementale des Personnes Handicap\u00e9es (M.D.P.H.) dont d\u00e9pend g\u00e9ographiquement le candidat. L\u2019admission est prononc\u00e9e par le Directeur du CHS de l&rsquo;Yonne, sur pr\u00e9sentation d\u2019un dossier administratif, et apr\u00e8s avis de l\u2019\u00e9quipe soignante et m\u00e9dicale de la R\u00e9sidence Girard de Roussillon. Afin de faciliter votre admission et vous aider \u00e0 accomplir les formalit\u00e9s indispensables \u00e0 la prise en charge financi\u00e8re de votre s\u00e9jour, le Secr\u00e9tariat de la R\u00e9sidence est \u00e0 votre disposition :<\/p>\n<h3 style=\"text-align: center\"><strong>Secr\u00e9tariat :<\/strong><\/h3>\n<p style=\"text-align: center\">Du lundi au vendredi de 8 h 30 \u00e0 16 h 40,<\/p>\n<p style=\"text-align: center\"><strong>Contacts :<\/strong><\/p>\n<p style=\"text-align: center\">T\u00e9l\u00e9phone : <strong>03 86 33 39 39<\/strong><br \/>\nFax : <strong>03 86 33 39 38<\/strong><\/p>\n<h2>Les formalit\u00e9s administratives<\/h2>\n<p>Le dossier d&rsquo;admission, rempli par le r\u00e9sident ou son tuteur, et transmis au secr\u00e9tariat de la r\u00e9sidence, doit comprendre une copie des pi\u00e8ces suivantes :<\/p>\n<ul>\n<li>votre carte d\u2019identit\u00e9,<\/li>\n<li>votre attestation CPAM,<\/li>\n<li>votre carte d\u2019adh\u00e9rent \u00e0 une mutuelle,<\/li>\n<li>votre livret de famille ou extrait d&rsquo;acte de naissance,<\/li>\n<li>la d\u00e9cision de placement (orientation MDPH),<\/li>\n<li>votre carte d&rsquo;invalidit\u00e9,<\/li>\n<li>votre justificatif AAH et Allocation logement,<\/li>\n<li>votre attestation d&rsquo;assurance responsabilit\u00e9 civile,<\/li>\n<li>votre jugement de tutelle ou de curatelle.<\/li>\n<\/ul>\n<h2>Proc\u00e9dures d&rsquo;admission<\/h2>\n<h3>&gt; Etude du dossier :<\/h3>\n<p>Le dossier d\u2019admission est pr\u00e9sent\u00e9 aux deux m\u00e9decins de la structure, le Docteur Maitre, m\u00e9decin g\u00e9n\u00e9raliste, et le Docteur Annoussamy, m\u00e9decin psychiatre, afin de recueillir leur avis.<\/p>\n<h3>&gt; Entretien :<\/h3>\n<p>Si le dossier est retenu, une visite de la r\u00e9sidence, ainsi qu&rsquo;une entrevue avec le Docteur Annoussamy sont organis\u00e9es sur le site, en pr\u00e9sence du Cadre et de l&rsquo;\u00e9quipe.<\/p>\n<h3>&gt; Admission :<\/h3>\n<p>D\u00e8s lors que l\u2019\u00e9quipe de V\u00e9zelay est d\u2019accord pour l\u2019entr\u00e9e et qu\u2019une place est disponible, le Directeur de l&rsquo;\u00e9tablissement donne son accord et prononce l\u2019admission en tenant compte de l\u2019orientation (FAM\/FAO).<\/p>\n<h3>&gt; Int\u00e9gration :<\/h3>\n<p>Une p\u00e9riode d\u2019int\u00e9gration d\u2019un mois est mise en place, p\u00e9riode au cours de laquelle l\u2019\u00e9tablissement d\u2019origine s\u2019engage \u00e0 reprendre le r\u00e9sident si l&rsquo;adaptation s\u2019av\u00e8re non concluante. A son entr\u00e9e, le nouvel arrivant re\u00e7oit son contrat de s\u00e9jour et le r\u00e8glement int\u00e9rieur, documents qu&rsquo;il s&rsquo;engage \u00e0 respecter et signe une fois que l&rsquo;\u00e9quipe soignante lui a clairement expos\u00e9 le fonctionnement de la r\u00e9sidence.<\/p>\n<h2>Les frais de s\u00e9jour<\/h2>\n<h3>&gt; Co\u00fbt du s\u00e9jour en r\u00e9sidence :<\/h3>\n<p>Le paiement des frais de s\u00e9jour est effectu\u00e9 mensuellement \u00e0 terme \u00e9chu. Le r\u00e9sident peut, au besoin, b\u00e9n\u00e9ficier d&rsquo;une aide sociale. Le prix de journ\u00e9e est de 91.91 \u20ac en foyer de vie et de 48,68 \u20ac en foyer m\u00e9dicalis\u00e9.<\/p>\n<p>Si vous \u00eates admis en Foyer d&rsquo;Accueil M\u00e9dicalis\u00e9, votre forfait soins est pris en charge par l&rsquo; Assurance Maladie selon le tarif en vigueur. Vous b\u00e9n\u00e9ficiez \u00e9galement de l&rsquo;Allocation Adulte Handicap\u00e9.<\/p>\n<p>Si vous \u00eates admis en Foyer d&rsquo;Accueil Occupationnel, votre h\u00e9bergement est pris en charge par le Conseil D\u00e9partemental selon le tarif en vigueur au titre du prix de journ\u00e9e. Vous b\u00e9n\u00e9ficiez \u00e9galement de l&rsquo;Allocation Adulte Handicap\u00e9.<\/p>\n<h3>&gt; Conditions particuli\u00e8res de financement :<\/h3>\n<p><strong>Hospitalisation<\/strong> : Lorsque le r\u00e9sident est hospitalis\u00e9, sa chambre est r\u00e9serv\u00e9e durant 35 jours. Pour les b\u00e9n\u00e9ficiaires de l\u2019aide sociale, le forfait journalier est \u00e0 la charge du d\u00e9partement d\u2019origine. Pour le r\u00e9sident dit \u00ab payant \u00bb, il devra r\u00e9gler le forfait journalier. Au-del\u00e0 de cette p\u00e9riode, le r\u00e9sident qui souhaite conserver sa chambre devra r\u00e9gler le forfait journalier en totalit\u00e9.<\/p>\n<p><strong>Vacances<\/strong> : Les r\u00e9sidents ont la possibilit\u00e9 de s\u2019absenter pour les vacances, 5 semaines par an au prorata du nombre de pr\u00e9sence dans l\u2019ann\u00e9e. Durant cette p\u00e9riode, les frais de s\u00e9jour ne sont pas dus.<\/p>\n<p><strong>Absences pour convenances personnelles<\/strong> : Les absences sup\u00e9rieures \u00e0 72 heures sont d\u00e9compt\u00e9es dans la limite de 30 jours par ann\u00e9e civile.<\/p>\n<p><strong>R\u00e9siliation du contrat<\/strong> : En cas de d\u00e9part volontaire, la facturation court jusqu\u2019\u00e0 \u00e9ch\u00e9ance d\u2019un mois. En cas de d\u00e9c\u00e8s, la tarification pr\u00e9vue est \u00e9tablie jusqu\u2019\u00e0 ce que la chambre soit lib\u00e9r\u00e9e.<\/p>\n","protected":false},"excerpt":{"rendered":"<p>L&rsquo;accueil L\u2019orientation des r\u00e9sidents vers l&rsquo;\u00e9tablissement incombe \u00e0 la Maison D\u00e9partementale des [&hellip;]<\/p>\n","protected":false},"author":1,"featured_media":0,"parent":0,"menu_order":0,"comment_status":"open","ping_status":"open","template":"","meta":{"footnotes":""},"class_list":["post-65","page","type-page","status-publish","hentry"],"_links":{"self":[{"href":"https:\/\/www.chs-yonne.fr\/girard-de-roussillon\/wp-json\/wp\/v2\/pages\/65","targetHints":{"allow":["GET"]}}],"collection":[{"href":"https:\/\/www.chs-yonne.fr\/girard-de-roussillon\/wp-json\/wp\/v2\/pages"}],"about":[{"href":"https:\/\/www.chs-yonne.fr\/girard-de-roussillon\/wp-json\/wp\/v2\/types\/page"}],"author":[{"embeddable":true,"href":"https:\/\/www.chs-yonne.fr\/girard-de-roussillon\/wp-json\/wp\/v2\/users\/1"}],"replies":[{"embeddable":true,"href":"https:\/\/www.chs-yonne.fr\/girard-de-roussillon\/wp-json\/wp\/v2\/comments?post=65"}],"version-history":[{"count":9,"href":"https:\/\/www.chs-yonne.fr\/girard-de-roussillon\/wp-json\/wp\/v2\/pages\/65\/revisions"}],"predecessor-version":[{"id":426,"href":"https:\/\/www.chs-yonne.fr\/girard-de-roussillon\/wp-json\/wp\/v2\/pages\/65\/revisions\/426"}],"wp:attachment":[{"href":"https:\/\/www.chs-yonne.fr\/girard-de-roussillon\/wp-json\/wp\/v2\/media?parent=65"}],"curies":[{"name":"wp","href":"https:\/\/api.w.org\/{rel}","templated":true}]}}