{"id":57,"date":"2014-11-24T14:51:50","date_gmt":"2014-11-24T13:51:50","guid":{"rendered":"http:\/\/www.chs-yonne.fr\/girard-de-roussillon\/?page_id=57"},"modified":"2021-12-09T12:12:51","modified_gmt":"2021-12-09T11:12:51","slug":"accompagnement-medical","status":"publish","type":"page","link":"https:\/\/www.chs-yonne.fr\/girard-de-roussillon\/accompagnement-medical\/","title":{"rendered":"Accompagnement m\u00e9dical"},"content":{"rendered":"\n<div class=\"wp-block-image\"><figure class=\"alignleft\"><a href=\"http:\/\/www.chs-yonne.fr\/girard-de-roussillon\/wp-content\/uploads\/sites\/2\/2014\/11\/dossier1.png\" data-rel=\"lightbox-image-0\" data-rl_title=\"\" data-rl_caption=\"\" title=\"\"><img loading=\"lazy\" decoding=\"async\" width=\"74\" height=\"116\" src=\"http:\/\/www.chs-yonne.fr\/girard-de-roussillon\/wp-content\/uploads\/sites\/2\/2014\/11\/dossier1.png\" alt=\"dossier\" class=\"wp-image-156\" \/><\/a><\/figure><\/div>\n\n\n\n<h3 class=\"wp-block-heading\"><strong>L\u2019accompagnement m\u00e9dical, param\u00e9dical &amp; \u00e9ducatif :<\/strong><\/h3>\n\n\n\n<p>L\u2019\u00e9tablissement se propose d\u2019accompagner chaque r\u00e9sident, en situation de handicap, dans les gestes de la vie quotidienne, en recherchant, chaque fois que cela est possible, la participation de celui-ci. L\u2019aide peut concerner les soins d\u2019hygi\u00e8ne (toilette, coiffage, rasage, etc&#8230;), l\u2019habillement, l\u2019alimentation, et&nbsp;toutes mesures visant \u00e0 maintenir le capital sant\u00e9 du r\u00e9sident, \u00e0 r\u00e9tablir ou am\u00e9liorer son autonomie (physique, psychique, affective et sociale), \u00e0 d\u00e9velopper ses comp\u00e9tences, \u00e0 sauvegarder ses acquis, et enfin \u00e0 aider \u00e0 sa socialisation. Cet accompagnement pr\u00f4ne des valeurs tels que le respect, la dignit\u00e9, le consentement, l\u2019intimit\u00e9, la confidentialit\u00e9 et l\u2019int\u00e9grit\u00e9 de la personne.<\/p>\n\n\n\n<p><strong>L\u2019\u00e9quipe pluridisciplinaire<\/strong> de la r\u00e9sidence \u00e9labore et d\u00e9veloppe \u00e0 cette fin, pour chaque r\u00e9sident, en sa pr\u00e9sence, un projet de soins personnalis\u00e9 ( P.A.P. ). Le suivi est organis\u00e9 tout au long de l\u2019ann\u00e9e : une permanence m\u00e9dicale est assur\u00e9e le mardi matin par le m\u00e9decin g\u00e9n\u00e9raliste, le Docteur Maitre (le Dr S\u00e9tre le remplace le vendredi matin) et le mercredi matin par le m\u00e9decin psychiatre, le Docteur Annoussamy. Une pr\u00e9sence infirmi\u00e8re est assur\u00e9e en permanence afin de garantir le suivi soignant ( soins, prise du traitement, etc&#8230; ) et les surveillances particuli\u00e8res.<\/p>\n\n\n\n<p>Pour favoriser l\u2019accompagnement de l\u2019individu dans toute sa dimension globale, l\u2019\u00e9quipe pluridisciplinaire s\u2019appuie sur un&nbsp;travail en partenariat avec :<\/p>\n\n\n\n<ul class=\"wp-block-list\"><li>Les familles,<\/li><li>Les tuteurs,<\/li><li>Les m\u00e9decins,<\/li><li>La pharmacie de V\u00e9zelay,<\/li><li>Les amis et entourage,<\/li><li>D\u2019autres \u00e9tablissements m\u00e9dico-sociaux (Foyer Cadet Roussel, E.S.A.T, Foyer Esp\u00e9rance Yonne, etc&#8230;),<\/li><li>Les associations sportives et culturelles de Bourgogne,<\/li><li>Les mairies et instances de proximit\u00e9 (\u00e9coles, mus\u00e9es, etc&#8230;) de V\u00e9zelay, Montillot, Saint-P\u00e8re\u2026,<\/li><li>Les banques,<\/li><li>Les organismes de tutelle.<\/li><\/ul>\n\n\n\n<p><\/p>\n","protected":false},"excerpt":{"rendered":"<p>L\u2019accompagnement m\u00e9dical, param\u00e9dical &amp; \u00e9ducatif : L\u2019\u00e9tablissement se propose d\u2019accompagner chaque r\u00e9sident, [&hellip;]<\/p>\n","protected":false},"author":1,"featured_media":0,"parent":0,"menu_order":0,"comment_status":"open","ping_status":"open","template":"","meta":{"footnotes":""},"class_list":["post-57","page","type-page","status-publish","hentry"],"_links":{"self":[{"href":"https:\/\/www.chs-yonne.fr\/girard-de-roussillon\/wp-json\/wp\/v2\/pages\/57","targetHints":{"allow":["GET"]}}],"collection":[{"href":"https:\/\/www.chs-yonne.fr\/girard-de-roussillon\/wp-json\/wp\/v2\/pages"}],"about":[{"href":"https:\/\/www.chs-yonne.fr\/girard-de-roussillon\/wp-json\/wp\/v2\/types\/page"}],"author":[{"embeddable":true,"href":"https:\/\/www.chs-yonne.fr\/girard-de-roussillon\/wp-json\/wp\/v2\/users\/1"}],"replies":[{"embeddable":true,"href":"https:\/\/www.chs-yonne.fr\/girard-de-roussillon\/wp-json\/wp\/v2\/comments?post=57"}],"version-history":[{"count":7,"href":"https:\/\/www.chs-yonne.fr\/girard-de-roussillon\/wp-json\/wp\/v2\/pages\/57\/revisions"}],"predecessor-version":[{"id":410,"href":"https:\/\/www.chs-yonne.fr\/girard-de-roussillon\/wp-json\/wp\/v2\/pages\/57\/revisions\/410"}],"wp:attachment":[{"href":"https:\/\/www.chs-yonne.fr\/girard-de-roussillon\/wp-json\/wp\/v2\/media?parent=57"}],"curies":[{"name":"wp","href":"https:\/\/api.w.org\/{rel}","templated":true}]}}